{"id":15,"date":"2018-08-22T12:51:40","date_gmt":"2018-08-22T12:51:40","guid":{"rendered":"http:\/\/nepmesepont.hu\/nyiregyhaza\/?page_id=15"},"modified":"2019-03-13T07:01:46","modified_gmt":"2019-03-13T07:01:46","slug":"a-nepmesepontrol","status":"publish","type":"page","link":"http:\/\/nepmesepont.hu\/nyiregyhaza\/a-nepmesepontrol\/","title":{"rendered":"A N\u00e9pmesePontr\u00f3l"},"content":{"rendered":"<p><strong>HETEDH\u00c9T MESEVIL\u00c1G N\u00e9pmesePont<\/strong><\/p>\n<p><strong>EFOP-3.3.4-17-2017-00008<\/strong> A n\u00e9pmese anyanyelvi kompetenciafejleszt\u00e9s er\u0151s\u00edt\u00e9se az inform\u00e1lis \u00e9s a non-form\u00e1lis tanul\u00e1sban<\/p>\n<p>&nbsp;<\/p>\n<p>A N\u00e9pmesePont kialak\u00edt\u00e1s\u00e1val az int\u00e9zm\u00e9ny\u00fcnkbe l\u00e1togat\u00f3k egy csod\u00e1s mesevil\u00e1g r\u00e9szes\u00e9v\u00e9 v\u00e1lnak. A M\u0171vel\u0151d\u00e9si H\u00e1z t\u00f6bb mint 100 \u00e9ves m\u0171k\u00f6d\u00e9st tudhat maga m\u00f6g\u00f6tt, az \u00e9p\u00fcletek tekintet\u00e9ben t\u00f6bb szakaszban t\u00f6rt\u00e9ntek fel\u00faj\u00edt\u00e1sok, melynek eredm\u00e9nye, hogy a N\u00e9pmesePont az int\u00e9zm\u00e9ny udvari, h\u00e1ts\u00f3 \u00e9p\u00fcletr\u00e9sz\u00e9be tervezt\u00fck.<\/p>\n<p><img loading=\"lazy\" decoding=\"async\" class=\"aligncenter wp-image-71 size-full\" src=\"http:\/\/nepmesepont.hu\/nyiregyhaza\/wp-content\/uploads\/sites\/3\/2018\/08\/1.jpg\" alt=\"\" width=\"660\" height=\"440\" srcset=\"http:\/\/nepmesepont.hu\/nyiregyhaza\/wp-content\/uploads\/sites\/3\/2018\/08\/1.jpg 660w, http:\/\/nepmesepont.hu\/nyiregyhaza\/wp-content\/uploads\/sites\/3\/2018\/08\/1-300x200.jpg 300w, http:\/\/nepmesepont.hu\/nyiregyhaza\/wp-content\/uploads\/sites\/3\/2018\/08\/1-525x350.jpg 525w, http:\/\/nepmesepont.hu\/nyiregyhaza\/wp-content\/uploads\/sites\/3\/2018\/08\/1-150x100.jpg 150w\" sizes=\"auto, (max-width: 660px) 100vw, 660px\" \/><\/p>\n<p>Az udvarra bel\u00e9pve a ker\u00edt\u00e9sen v\u00e9gigfut\u00f3 dekor\u00e1ci\u00f3s fest\u00e9s sz\u00e1mos n\u00e9pmesei mot\u00edvumot jelen\u00edt meg, ez k\u00e9t esetben k\u00fclt\u00e9ri j\u00e1t\u00e9kot is rejt mag\u00e1ban.<\/p>\n<p>Az int\u00e9zm\u00e9ny udvar\u00e1n helyet foglal egy keskeny nyomt\u00e1v\u00fa vas\u00fati kocsi, mely eddig Kup\u00e9 Gal\u00e9ria n\u00e9ven m\u0171k\u00f6d\u00f6tt. A N\u00e9pmesePontban\u2013 egy mes\u00e9s utaz\u00e1s kezdetek\u00e9nt \u2013 Mesevonatk\u00e9nt \u00faj nevet \u00e9s \u00faj funkci\u00f3t kap a k\u00fclt\u00e9ri install\u00e1ci\u00f3s elem \u2013 mesehallgat\u00e1sra ad lehet\u0151s\u00e9get majd a hozz\u00e1nk l\u00e1togat\u00f3knak.<\/p>\n<p><img loading=\"lazy\" decoding=\"async\" class=\"aligncenter wp-image-72 size-large\" src=\"http:\/\/nepmesepont.hu\/nyiregyhaza\/wp-content\/uploads\/sites\/3\/2018\/08\/2-1024x345.jpg\" alt=\"\" width=\"920\" height=\"310\" srcset=\"http:\/\/nepmesepont.hu\/nyiregyhaza\/wp-content\/uploads\/sites\/3\/2018\/08\/2-1024x345.jpg 1024w, http:\/\/nepmesepont.hu\/nyiregyhaza\/wp-content\/uploads\/sites\/3\/2018\/08\/2-300x101.jpg 300w, http:\/\/nepmesepont.hu\/nyiregyhaza\/wp-content\/uploads\/sites\/3\/2018\/08\/2-768x259.jpg 768w, http:\/\/nepmesepont.hu\/nyiregyhaza\/wp-content\/uploads\/sites\/3\/2018\/08\/2-900x303.jpg 900w, http:\/\/nepmesepont.hu\/nyiregyhaza\/wp-content\/uploads\/sites\/3\/2018\/08\/2-150x51.jpg 150w, http:\/\/nepmesepont.hu\/nyiregyhaza\/wp-content\/uploads\/sites\/3\/2018\/08\/2.jpg 1338w\" sizes=\"auto, (max-width: 920px) 100vw, 920px\" \/><\/p>\n<p>A Mesevonat a bels\u0151 renov\u00e1l\u00e1s ut\u00e1n 44 f\u0151 befogad\u00e1s\u00e1ra alkalmas, melyben egyr\u00e9szt a h\u00f3nap mes\u00e9je \u201erajzai\u201d ker\u00fcl aktu\u00e1lisan ki\u00e1ll\u00edt\u00e1sra, valamint sz\u00e1mos n\u00e9pmese hangz\u00e1svil\u00e1ga elevenedik meg a gyermekek f\u00fcle hallat\u00e1ra. A vas\u00fati kocsi k\u00edv\u00fclr\u0151l n\u00e9pmesei mot\u00edvumokat \u201ekap\u201d, a bels\u0151 t\u00e9r megmarad a maga autentikus hangulat\u00e1ban. A Mesevonat eg\u00e9sz \u00e9vben haszn\u00e1lhat\u00f3.<\/p>\n<p>&nbsp;<\/p>\n<p>A tervez\u00e9s sor\u00e1n a Kecskem\u00e9ti Rajzfilmst\u00fadi\u00f3 enged\u00e9lyt adott a Magyar N\u00e9pmes\u00e9k anim\u00e1ci\u00f3s filmsorozat t\u00f6bb elem\u00e9nek haszn\u00e1lat\u00e1ra, \u00edgy a k\u00fclt\u00e9ri- \u00e9s a bels\u0151 mesei t\u00e9r ezen filmkock\u00e1k felhaszn\u00e1l\u00e1s\u00e1val ker\u00fcltek elk\u00e9sz\u00edt\u00e9sre.<\/p>\n<p>&nbsp;<\/p>\n<p>N\u00e9pmesePont nyitva tart\u00e1sa:<\/p>\n<p>H-P: 8.00 \u2013 16.00 \u00f3ra, illetve el\u0151re egyeztetve ig\u00e9ny szerinti id\u0151pontban.<\/p>\n<p>Egy\u00e9ni \u00e9s csoportos l\u00e1togat\u00f3kat kiz\u00e1r\u00f3lag bejelentkez\u00e9s alapj\u00e1n, el\u0151re egyeztetett id\u0151pontban fogadunk a 30\/21 81\u00a0021 telefonsz\u00e1mon.<\/p>\n<p>&nbsp;<\/p>\n<p><strong>A bels\u0151 meset\u00e9r az int\u00e9zm\u00e9ny h\u00e1ts\u00f3 \u00e9p\u00fcletr\u00e9sz\u00e9ben ker\u00fclt kialak\u00edt\u00e1sra. Bel\u00e9pve h\u00e1rom k\u00fcl\u00f6nb\u00f6z\u0151 terek tal\u00e1lunk.<\/strong><\/p>\n<p><strong>1.- Fogad\u00f3t\u00e9r<\/strong>: a kialak\u00edtott vend\u00e9gv\u00e1r\u00f3 fogasokkal \u00e9s t\u00e1rol\u00f3kkal ell\u00e1tott helyis\u00e9g, ebb\u0151l k\u00f6zel\u00edthet\u0151 meg a mell\u00e9khelyis\u00e9g (f\u00e9rfi, n\u0151i, akad\u00e1lymentes\u00edtett), a Foglalkoztat\u00f3 \u00e9s a bels\u0151 Meset\u00e9r. A fogad\u00f3t\u00e9r m\u00e9rete 23 m<sup>2<\/sup><\/p>\n<p><img loading=\"lazy\" decoding=\"async\" class=\"aligncenter wp-image-73 size-full\" src=\"http:\/\/nepmesepont.hu\/nyiregyhaza\/wp-content\/uploads\/sites\/3\/2018\/08\/3.png\" alt=\"\" width=\"400\" height=\"300\" srcset=\"http:\/\/nepmesepont.hu\/nyiregyhaza\/wp-content\/uploads\/sites\/3\/2018\/08\/3.png 400w, http:\/\/nepmesepont.hu\/nyiregyhaza\/wp-content\/uploads\/sites\/3\/2018\/08\/3-300x225.png 300w, http:\/\/nepmesepont.hu\/nyiregyhaza\/wp-content\/uploads\/sites\/3\/2018\/08\/3-150x113.png 150w\" sizes=\"auto, (max-width: 400px) 100vw, 400px\" \/><\/p>\n<p><strong>2. &#8211; Foglalkoztat\u00f3: <\/strong>A Fogad\u00f3t\u00e9rb\u0151l balra tal\u00e1lhat\u00f3 helyis\u00e9gben a n\u00e9pm\u0171v\u00e9szeti elemek autentikus hangulata megmarad. A f\u00e1b\u00f3l k\u00e9sz\u00fclt b\u00fatorok \u00e9s ajt\u00f3frontok h\u0171en t\u00fckr\u00f6zik a n\u00e9pm\u0171v\u00e9szet, a n\u00e9pmese ir\u00e1nti tiszteletet, az \u00e9letfa, a vir\u00e1gmint\u00e1k k\u00f6z\u00e9 havonta becsemp\u00e9ssz\u00fck majd a h\u00f3nap m\u0171t\u00e1rgy\u00e1t, mely a r\u00e9gi id\u0151k haszn\u00e1lati t\u00e1rgyait mutatja be. A Foglalkoztat\u00f3 t\u00e9r 24 f\u0151 k\u00e9nyelmes elhelyez\u00e9s\u00e9t teszi lehet\u0151v\u00e9 kultur\u00e1lis \u00f3r\u00e1kon, \u00e9l\u0151szavas mesemond\u00f3 foglalkoz\u00e1son, napk\u00f6zis t\u00e1borokban, k\u00e9pz\u00e9seken, k\u00e9zm\u0171ves-, klub-, \u00e9s m\u0171helyfoglalkoz\u00e1sokon. A Foglalkoztat\u00f3 t\u00e9r m\u00e9rete: 34 m<sup>2<\/sup><\/p>\n<p><img loading=\"lazy\" decoding=\"async\" class=\"wp-image-74 size-full aligncenter\" src=\"http:\/\/nepmesepont.hu\/nyiregyhaza\/wp-content\/uploads\/sites\/3\/2018\/08\/4.png\" alt=\"\" width=\"400\" height=\"300\" srcset=\"http:\/\/nepmesepont.hu\/nyiregyhaza\/wp-content\/uploads\/sites\/3\/2018\/08\/4.png 400w, http:\/\/nepmesepont.hu\/nyiregyhaza\/wp-content\/uploads\/sites\/3\/2018\/08\/4-300x225.png 300w, http:\/\/nepmesepont.hu\/nyiregyhaza\/wp-content\/uploads\/sites\/3\/2018\/08\/4-150x113.png 150w\" sizes=\"auto, (max-width: 400px) 100vw, 400px\" \/><\/p>\n<p><img loading=\"lazy\" decoding=\"async\" class=\"wp-image-75 size-full aligncenter\" src=\"http:\/\/nepmesepont.hu\/nyiregyhaza\/wp-content\/uploads\/sites\/3\/2018\/08\/5.png\" alt=\"\" width=\"400\" height=\"300\" srcset=\"http:\/\/nepmesepont.hu\/nyiregyhaza\/wp-content\/uploads\/sites\/3\/2018\/08\/5.png 400w, http:\/\/nepmesepont.hu\/nyiregyhaza\/wp-content\/uploads\/sites\/3\/2018\/08\/5-300x225.png 300w, http:\/\/nepmesepont.hu\/nyiregyhaza\/wp-content\/uploads\/sites\/3\/2018\/08\/5-150x113.png 150w\" sizes=\"auto, (max-width: 400px) 100vw, 400px\" \/><\/p>\n<p>&nbsp;<\/p>\n<p><strong>3. &#8211; Bels\u0151 Meset\u00e9r:<\/strong><\/p>\n<p>A Fogad\u00f3t\u00e9rb\u0151l jobbra ny\u00edlik a Meset\u00e9r. A n\u00e9pmes\u00e9k vil\u00e1ga, a n\u00e9pmesei elemek term\u00e9szetesen itt is megjelennek. Az ablakon l\u00e9v\u0151 \u00e1rny\u00e9kol\u00f3k a Magyar N\u00e9pmes\u00e9k sorozatot eleven\u00edtik fel, a sarokban l\u00e9v\u0151 polc az \u00e9gig \u00e9r\u0151 f\u00e1t szimboliz\u00e1lja. A terem h\u00e1ts\u00f3 fal\u00e1n kap helyet a magyar n\u00e9pi \u00e9p\u00edt\u00e9szet elemeit is mag\u00e1n visel\u0151 h\u00e1zsor, melynek elemei k\u00fcl\u00f6nb\u00f6z\u0151 j\u00e1t\u00e9k lehet\u0151s\u00e9get rejtenek magukban (rajzol\u00e1s, mesen\u00e9z\u00e9s, kirak\u00f3z\u00e1s, stb.). A teremben helyet kap egy 3D-s holografikus kivet\u00edt\u0151 rendszer is, mely a gyerekek sz\u00e1m\u00e1ra igazi \u00e9lm\u00e9nyt jelent.<\/p>\n<p>Ezen k\u00edv\u00fcl lehet\u0151s\u00e9g lesz projektoros filmvet\u00edt\u00e9sre, b\u00e1bsz\u00ednh\u00e1zi el\u0151ad\u00e1sra is. A b\u00e1bsz\u00ednh\u00e1zi el\u0151ad\u00e1s megtart\u00e1s\u00e1ra alkalmas p\u00f3dium ig\u00e9ny szerint mozgathat\u00f3, alapesetben ez ad helyet a tr\u00f3nsz\u00e9knek, mely m\u00f6g\u00f6tt a falon egy v\u00e1rkast\u00e9ly tal\u00e1lhat\u00f3. A <strong>mesel\u00e1d\u00e1ba<\/strong> a k\u00fcl\u00f6nb\u00f6z\u0151 foglalkoz\u00e1sok kell\u00e9keit tartjuk, \u00edgy mint egy \u201evar\u00e1zsdoboz\u201d ker\u00fcl felhaszn\u00e1l\u00e1sra. A Meset\u00e9rben mese-puffokat \u00e9s mesep\u00e1rn\u00e1kat helyez\u00fcnk el, ig\u00e9ny eset\u00e9n a Foglalkoztat\u00f3 t\u00e9rb\u0151l haszn\u00e1lhat\u00f3ak az ott l\u00e9v\u0151 sz\u00e9kek.<\/p>\n<p>A terem vil\u00e1g\u00edt\u00e1s\u00e1t \u00fagy alak\u00edtjuk ki, hogy alkalmas legyen a mes\u00e9kben v\u00e1ltoz\u00f3 napszakok imit\u00e1l\u00e1s\u00e1ra is, \u00e9s az \u201e\u00e9jszakai\u201d s\u00f6t\u00e9ts\u00e9gben el\u0151t\u0171nik a csillagos \u00e9gbolt. A Meset\u00e9r nagys\u00e1ga 60m<sup>2<\/sup>, melyhez csatlakozik egy 12m<sup>2<\/sup>-es rakt\u00e1rhelyis\u00e9g \u2013 ez alkalmas a jelmezek, felszerel\u00e9sek, foglalkoz\u00e1si eszk\u00f6z\u00f6k t\u00e1rol\u00e1s\u00e1ra.<\/p>\n<p>A Meset\u00e9r befogad\u00f3k\u00e9pess\u00e9ge 40 f\u0151, \u00edgy \u00f6sszess\u00e9g\u00e9ben a N\u00e9pmesePont bels\u0151 meseter\u00e9ben 68 f\u0151t is tudunk majd fogadni, a Mesevonat befogad\u00f3k\u00e9pess\u00e9g\u00e9vel ez a l\u00e9tsz\u00e1m 100 f\u0151 f\u00f6l\u00e9 tervezhet\u0151.<\/p>\n<p>A Meset\u00e9r alkalmas az \u00e9l\u0151szavas mesemond\u00e1s, a kultur\u00e1lis \u00f3r\u00e1k, napk\u00f6zis t\u00e1borok szakmai m\u0171helyek, valamint az \u00f6nk\u00e9ntesek, anim\u00e1torok k\u00e9pz\u00e9s\u00e9nek megtart\u00e1s\u00e1hoz.<\/p>\n<p><img loading=\"lazy\" decoding=\"async\" class=\"wp-image-76 size-full aligncenter\" src=\"http:\/\/nepmesepont.hu\/nyiregyhaza\/wp-content\/uploads\/sites\/3\/2018\/08\/6.png\" alt=\"\" width=\"400\" height=\"300\" srcset=\"http:\/\/nepmesepont.hu\/nyiregyhaza\/wp-content\/uploads\/sites\/3\/2018\/08\/6.png 400w, http:\/\/nepmesepont.hu\/nyiregyhaza\/wp-content\/uploads\/sites\/3\/2018\/08\/6-300x225.png 300w, http:\/\/nepmesepont.hu\/nyiregyhaza\/wp-content\/uploads\/sites\/3\/2018\/08\/6-150x113.png 150w\" sizes=\"auto, (max-width: 400px) 100vw, 400px\" \/> <img loading=\"lazy\" decoding=\"async\" class=\"wp-image-77 size-large aligncenter\" src=\"http:\/\/nepmesepont.hu\/nyiregyhaza\/wp-content\/uploads\/sites\/3\/2018\/08\/7-1024x768.jpg\" alt=\"\" width=\"920\" height=\"690\" srcset=\"http:\/\/nepmesepont.hu\/nyiregyhaza\/wp-content\/uploads\/sites\/3\/2018\/08\/7-1024x768.jpg 1024w, http:\/\/nepmesepont.hu\/nyiregyhaza\/wp-content\/uploads\/sites\/3\/2018\/08\/7-300x225.jpg 300w, http:\/\/nepmesepont.hu\/nyiregyhaza\/wp-content\/uploads\/sites\/3\/2018\/08\/7-768x576.jpg 768w, http:\/\/nepmesepont.hu\/nyiregyhaza\/wp-content\/uploads\/sites\/3\/2018\/08\/7-467x350.jpg 467w, http:\/\/nepmesepont.hu\/nyiregyhaza\/wp-content\/uploads\/sites\/3\/2018\/08\/7-150x113.jpg 150w, http:\/\/nepmesepont.hu\/nyiregyhaza\/wp-content\/uploads\/sites\/3\/2018\/08\/7.jpg 2048w\" sizes=\"auto, (max-width: 920px) 100vw, 920px\" \/><\/p>\n","protected":false},"excerpt":{"rendered":"<p>HETEDH\u00c9T MESEVIL\u00c1G N\u00e9pmesePont EFOP-3.3.4-17-2017-00008 A n\u00e9pmese anyanyelvi kompetenciafejleszt\u00e9s er\u0151s\u00edt\u00e9se az inform\u00e1lis \u00e9s a non-form\u00e1lis tanul\u00e1sban &nbsp; A N\u00e9pmesePont kialak\u00edt\u00e1s\u00e1val az int\u00e9zm\u00e9ny\u00fcnkbe l\u00e1togat\u00f3k egy csod\u00e1s mesevil\u00e1g r\u00e9szes\u00e9v\u00e9 v\u00e1lnak. A M\u0171vel\u0151d\u00e9si H\u00e1z t\u00f6bb mint 100 \u00e9ves m\u0171k\u00f6d\u00e9st tudhat maga m\u00f6g\u00f6tt, az \u00e9p\u00fcletek tekintet\u00e9ben t\u00f6bb szakaszban t\u00f6rt\u00e9ntek fel\u00faj\u00edt\u00e1sok, melynek eredm\u00e9nye, hogy a N\u00e9pmesePont&#8230; <a class=\"continue-reading-link\" href=\"http:\/\/nepmesepont.hu\/nyiregyhaza\/a-nepmesepontrol\/\">Continue reading<\/a><\/p>\n","protected":false},"author":1,"featured_media":0,"parent":0,"menu_order":0,"comment_status":"closed","ping_status":"closed","template":"","meta":{"footnotes":""},"class_list":["post-15","page","type-page","status-publish","hentry"],"_links":{"self":[{"href":"http:\/\/nepmesepont.hu\/nyiregyhaza\/wp-json\/wp\/v2\/pages\/15","targetHints":{"allow":["GET"]}}],"collection":[{"href":"http:\/\/nepmesepont.hu\/nyiregyhaza\/wp-json\/wp\/v2\/pages"}],"about":[{"href":"http:\/\/nepmesepont.hu\/nyiregyhaza\/wp-json\/wp\/v2\/types\/page"}],"author":[{"embeddable":true,"href":"http:\/\/nepmesepont.hu\/nyiregyhaza\/wp-json\/wp\/v2\/users\/1"}],"replies":[{"embeddable":true,"href":"http:\/\/nepmesepont.hu\/nyiregyhaza\/wp-json\/wp\/v2\/comments?post=15"}],"version-history":[{"count":8,"href":"http:\/\/nepmesepont.hu\/nyiregyhaza\/wp-json\/wp\/v2\/pages\/15\/revisions"}],"predecessor-version":[{"id":216,"href":"http:\/\/nepmesepont.hu\/nyiregyhaza\/wp-json\/wp\/v2\/pages\/15\/revisions\/216"}],"wp:attachment":[{"href":"http:\/\/nepmesepont.hu\/nyiregyhaza\/wp-json\/wp\/v2\/media?parent=15"}],"curies":[{"name":"wp","href":"https:\/\/api.w.org\/{rel}","templated":true}]}}